{"id":17,"date":"2022-03-14T19:21:54","date_gmt":"2022-03-14T17:21:54","guid":{"rendered":"http:\/\/cooperasec.org\/?page_id=17"},"modified":"2022-05-03T12:50:02","modified_gmt":"2022-05-03T10:50:02","slug":"que-es-la-xarxa-cooperasec-portada","status":"publish","type":"page","link":"https:\/\/cooperasec.org\/?page_id=17","title":{"rendered":"\u00bfQu\u00e8 \u00e9s la xarxa Cooperasec?"},"content":{"rendered":"\n<h2 class=\"wp-block-heading\">Xarxa CooperaSec. Construint un barri cooperatiu<\/h2>\n\n\n\n<p>Des de l\u2019Associaci\u00f3 CooperaSec volem crear un barri cooperatiu, un barri, el de Poble-sec, on l\u2019economia social i solid\u00e0ria (ESS) sigui l\u2019alternativa a l\u2019actual sistema econ\u00f2mic capitalista. Per aix\u00f2 vam crear i impulsar la Xarxa CooperaSec, amb diversos col\u00b7lectius i persones del territori.<\/p>\n\n\n\n<p>Una xarxa que revitalitzi i doni for\u00e7a al conjunt de projectes d\u2019economia social, solid\u00e0ria, cooperativa i comunit\u00e0ria a Poble-sec, per transformar les regles del joc, posant les persones i les seves necessitats al centre, decidint com volem conduir les nostres vides, i apostant per un entorn m\u00e9s sostenible, m\u00e9s just, m\u00e9s equilibrat.<\/p>\n\n\n\n<blockquote class=\"wp-block-quote is-layout-flow wp-block-quote-is-layout-flow\"><p><em>Ja ho diuen que si nosaltres no fem la nostra economia, alg\u00fa la far\u00e0 per nosaltres<\/em>.<\/p><\/blockquote>\n\n\n\n<p>Volem apostar pels projectes col\u00b7lectius, l\u2019autogesti\u00f3 i l\u2019economia solid\u00e0ria i un respirar diferent, d\u2019idees comunes que ens empoderin i ens facin m\u00e9s fortes prenent partit cap a unes noves maneres de fer, als marges i al costat del sistema actual que ens ofega.<\/p>\n\n\n\n<p>Construir un barri cooperatiu promovent la col\u00b7lectivitzaci\u00f3 en totes les \u00e0rees de la vida social<\/p>\n\n\n\n<ul class=\"wp-block-list\"><li>Practicar l\u2019autogesti\u00f3 de projectes i procesos, que incloguin la diversitat cultural i de g\u00e8nere.<\/li><li>Crear i gestionar de manera col\u00b7lectiva infraestructures comunit\u00e0ries<\/li><li>Posar les \u00abcures\u00bb i les persones, i les seves necessitats m\u00e9s b\u00e0siques, al centre<\/li><li>Fer-ho entre tots i totes, des del suport mutu, l\u2019equitat, la democr\u00e0cia, la sostenibilitat i el comprom\u00eds comunitari<\/li><\/ul>\n\n\n\n<p><strong>Economia social i solid\u00e0ria<\/strong><\/p>\n\n\n\n<p>L&#8217;economia social i solid\u00e0ria (ESS), aquella esfera que es coneix tamb\u00e9 com &#8220;les altres economies&#8221;, alternatives al sistema socioecon\u00f2mic imperant. S\u00f3n formes de relaci\u00f3 que posen la resoluci\u00f3 de les necessitats personals i col\u00b7lectives en el centre de la seva activitat; i ho fan des d\u2019unes pr\u00e0ctiques que combinen l&#8217;esfera econ\u00f2mica amb l&#8217;esfera social i es basen en valors de cooperaci\u00f3, igualtat i autogesti\u00f3. S\u00f3n una expressi\u00f3 de la vida comunit\u00e0ria i sobretot de l&#8217;autoorganitzaci\u00f3 als barris, dins un \u00e0mbit que integra una economia plural, amb formes societ\u00e0ries diverses i amb vessants socioempresarials i sociocomunitaris que abracen tots els sectors.<\/p>\n\n\n\n<p>A Barcelona, la tradici\u00f3 associativa dels barris, les experi\u00e8ncies d&#8217;autogesti\u00f3 i les iniciatives de grups emprenedors han perm\u00e8s anar teixint experi\u00e8ncies en aquestes altres formes d&#8217;economia, ben reeixides i que sovint donen una resposta a les necessitats reals existents d&#8217;autoocupaci\u00f3 a cada territori, a cada barri, si entenem que les persones que viuen a un barri s\u00f3n les que millor poden con\u00e8ixer les necessitats i realitats que s&#8217;hi viuen. Moltes d&#8217;aquestes experi\u00e8ncies, agrupades en el s\u00ed de la comunitat, han creat veritables xarxes d&#8217;intercooperaci\u00f3 que es viuen des de la l\u00f2gica de barris cooperatius.&nbsp;<\/p>\n\n\n\n<p>Al Districte de Sants-Montju\u00efc, les experi\u00e8ncies de &#8220;Sants, barri cooperatiu&#8221;, en s\u00f3n un bon exemple. Poble Sec, barri obrer i de tradici\u00f3 cooperativa, ha anat recuperant experi\u00e8ncies i obrint-se cam\u00ed en aquestes noves formes d&#8217;entendre les relacions econ\u00f2miques i la creaci\u00f3 de comunitat (xarxes de crian\u00e7a, ateneus, horts comunitaris, xarxes d&#8217;intercanvis, banc de temps, experi\u00e8ncies de nous col\u00b7lectius autogestionats, associacions, cooperatives de consum ecol\u00f2gic, tallers d&#8217;artistes,&#8230;).<\/p>\n\n\n\n<p>Dins l\u2019ESS hi ha iniciatives independents dels poders p\u00fablics i que entre els seus valors destaquen l\u2019equitat, la solidaritat, la participaci\u00f3, la inclusi\u00f3, la sostenibilitat, el comprom\u00eds amb la comunitat i promoure el canvi social.<\/p>\n\n\n\n<p>Tot i la diversitat d\u2019iniciatives, trobem aspectes comuns en totes elles, que s\u00f3n els que defineixen els trets transformadors de la ESS i que podr\u00edem agrupar en aquests tres:<\/p>\n\n\n\n<ul class=\"wp-block-list\"><li>Un model organitzatiu que contempla la democr\u00e0cia i la participaci\u00f3 com a aspectes claus. La decisi\u00f3 sobre els recursos i el patrimoni, la informaci\u00f3 clara i transparent.<\/li><\/ul>\n\n\n\n<ul class=\"wp-block-list\"><li>Una orientaci\u00f3 comuna que situa les necessitats de les persones en el centre, gestionant els recursos de manera equitativa, des d\u2019una explotaci\u00f3 sostenible i definint un model de producci\u00f3 que tingui en compte les necessitats de les persones.<\/li><\/ul>\n\n\n\n<ul class=\"wp-block-list\"><li>Un comprom\u00eds dels projectes amb la comunitat, des de la proximitat, contribuint a la millora dels territoris, generant treball i oferint serveis des de la vinculaci\u00f3 i el comprom\u00eds amb les causes socials existents.<\/li><\/ul>\n\n\n\n<div class=\"wp-block-image\"><figure class=\"alignleft is-resized\"><img loading=\"lazy\" decoding=\"async\" src=\"https:\/\/cooperasec.org\/wp-content\/uploads\/2022\/05\/esquema-01-ESS-.jpeg\" alt=\"\" class=\"wp-image-140\" width=\"503\" height=\"774\"\/><\/figure><\/div>\n\n\n\n<p><strong>D\u2019on venim<\/strong><\/p>\n\n\n\n<p>CooperaSec va n\u00e9ixer l\u2019any 2011 com una comissi\u00f3 de l\u2019Assemblea de barri de Poble-sec amb ll\u2019objectiu de generar alternatives a l\u2019actual sistema econ\u00f2mic des de l\u2019economia solid\u00e0ria.<\/p>\n\n\n\n<p>L\u2019any 2012 vam organitzar les Primeres Jornades de Cooperativisme i Economia Solid\u00e0ria a Poble-sec. Tamb\u00e9 hem participat a la Fira d\u2019Economia Solid\u00e0ria de Catalunya (FESC) i vam ser coorganitzadors de les jornades \u201cBarris cooperatius, ciutat comuna\u201d, celebrades l\u2019any 2014 a Can Batll\u00f3 (Sants).<\/p>\n\n\n\n<p>Des d\u2019aleshores hem anat generant activitat al barri com a agent territorial de l\u2019ESS, enfortint projectes, dinamitzant jornades, donant suport formatiu, participant a espais de Poble-sec i vinclant-nos amb altres organitzacions i estaments municipals i de barri. Som tamb\u00e9 node territorial de <a href=\"https:\/\/bcn.coop\/\">Coopolis <\/a>(Ateneu Cooperatiu de Barcelona).<\/p>\n\n\n\n<p>Des del grup motor de CooperaSec anem seguint la nostra tasca d\u2019acompanyament i consolidaci\u00f3 de nous projectes cooperatius, de visibilitzaci\u00f3 de l\u2019economia social i solid\u00e0ria al barri i d\u2019enfortiment de la xarxa de projectes a Poble-sec aix\u00ed com d\u2019intercooperaci\u00f3 amb altres barris de la ciutat.<\/p>\n\n\n\n<p>El nostre model d\u2019organitzaci\u00f3 \u00e9s sociocr\u00e0tic i la presa de decisions \u00e9s per consentiment. Tenim diversos grups de treball establerts i tamb\u00e9 projectes propis, com CooperaCures, un projecte per socialitzar i empoderar l\u2019\u00e0mbit de les cures al barri o Som la Clau, l\u2019associaci\u00f3 per promoure tots elstemes de sostenibilitat i transici\u00f3 ecosocial en un moment d\u2019emerg\u00e8ncia clim\u00e0tica.<\/p>\n\n\n\n<p>Estem igualment vinculats a la <a href=\"https:\/\/xes.cat\/\">XES <\/a>(Xarxa d\u2019Economia Social i Solid\u00e0ria) de Barcelona i participem de diferents espais relacionats amb l\u2019economia social de la ciutat de Barcelona. Tamb\u00e9 formem part de La Zona, un mercat digital de productes i serveis de proximitat, <a href=\"https:\/\/lazona.coop\/\">La Zona<\/a>, un mercat digital on de productes i serveis de proximitat, sostenibles i respectuosos amb el medi ambient i les persones. Una plataforma que, a m\u00e9s de permetre\u2019ns satisfer les necessitats del nostre dia a dia, tamb\u00e9 ofereix informaci\u00f3 sobre quin \u00e9s l\u2019impacte del nostre consum i quines alternatives tenim al nostre abast perqu\u00e8 la nostra empremta sigui cada vegada m\u00e9s positiva. La idea \u00e9s fomentar un consum conscient des d\u2019una mirada realista.&nbsp;<\/p>\n\n\n\n<p><strong>Fira ESSS<\/strong><\/p>\n\n\n\n<p>L\u2019any 2018 vam organitzar la primera fira d\u2019Economia Social, Solid\u00e0ria i Sostenible (ESSS) de Poble-sec, en aquesta primera edici\u00f3 conjuntament amb el comer\u00e7 del barri. I els dos anys seg\u00fcents ho vam fer en solitari a la pla\u00e7a del Sortidor de Poble-sec.<\/p>\n\n\n\n<p>La fira \u00e9s un esdeveniment on diverses entitats i cooperatives del barri presenten els seus projectes amb l\u2019objectiu de continuar generant sin\u00e8rgies i incentivar la creaci\u00f3 de noves iniciatives que caminin cap a un model de vida i d\u2019economia m\u00e9s responsable i amb uns valors m\u00e9s democr\u00e0tics, justos i igualitaris. S\u2019organitzen tallers i activitats per mostrar tota la riquesa cooperativa, comunit\u00e0ria i d\u2019economia transformador del barri, sobretot dels eixos implicats, com el d\u2019oficis, el de cultura comunit\u00e0ria, el de restauraci\u00f3, el de sostenibilitat i el de cures.<\/p>\n\n\n\n<p><strong>Jornades ESS<\/strong><\/p>\n\n\n\n<p><a href=\"http:\/\/cooperasectv.barripoblesec.org\/\"><strong>Cooperasec Tv<\/strong><\/a><\/p>\n","protected":false},"excerpt":{"rendered":"<p>Xarxa CooperaSec. Construint un barri cooperatiu Des de l\u2019Associaci\u00f3 CooperaSec volem crear un barri cooperatiu, un barri, el de Poble-sec, &hellip; <a href=\"https:\/\/cooperasec.org\/?page_id=17\" class=\"more-link\"><span class=\"more-button\">+<span class=\"screen-reader-text\">\u00bfQu\u00e8 \u00e9s la xarxa Cooperasec?<\/span><\/span><\/a><\/p>\n","protected":false},"author":2,"featured_media":0,"parent":0,"menu_order":0,"comment_status":"closed","ping_status":"closed","template":"","meta":{"footnotes":""},"class_list":["post-17","page","type-page","status-publish","hentry"],"_links":{"self":[{"href":"https:\/\/cooperasec.org\/index.php?rest_route=\/wp\/v2\/pages\/17","targetHints":{"allow":["GET"]}}],"collection":[{"href":"https:\/\/cooperasec.org\/index.php?rest_route=\/wp\/v2\/pages"}],"about":[{"href":"https:\/\/cooperasec.org\/index.php?rest_route=\/wp\/v2\/types\/page"}],"author":[{"embeddable":true,"href":"https:\/\/cooperasec.org\/index.php?rest_route=\/wp\/v2\/users\/2"}],"replies":[{"embeddable":true,"href":"https:\/\/cooperasec.org\/index.php?rest_route=%2Fwp%2Fv2%2Fcomments&post=17"}],"version-history":[{"count":10,"href":"https:\/\/cooperasec.org\/index.php?rest_route=\/wp\/v2\/pages\/17\/revisions"}],"predecessor-version":[{"id":154,"href":"https:\/\/cooperasec.org\/index.php?rest_route=\/wp\/v2\/pages\/17\/revisions\/154"}],"wp:attachment":[{"href":"https:\/\/cooperasec.org\/index.php?rest_route=%2Fwp%2Fv2%2Fmedia&parent=17"}],"curies":[{"name":"wp","href":"https:\/\/api.w.org\/{rel}","templated":true}]}}